{"id":5734,"date":"2022-03-15T12:09:17","date_gmt":"2022-03-15T11:09:17","guid":{"rendered":"https:\/\/csc-grande-bastide.com\/?page_id=5734"},"modified":"2025-06-26T10:17:44","modified_gmt":"2025-06-26T08:17:44","slug":"on-parle-de-nous","status":"publish","type":"page","link":"https:\/\/csc-grande-bastide.com\/index.php\/on-parle-de-nous\/","title":{"rendered":"On parle de nous !"},"content":{"rendered":"\n<p><\/p>\n\n\n\n<h2 class=\"wp-block-heading has-text-align-center\">F\u00eate de l&rsquo;\u00e9t\u00e9 2025<\/h2>\n\n\n\n<p class=\"has-text-align-center\">La Provence &#8211; juin 2025<\/p>\n\n\n<div class=\"wp-block-image\">\n<figure class=\"aligncenter size-full\"><img fetchpriority=\"high\" decoding=\"async\" width=\"258\" height=\"650\" src=\"https:\/\/csc-grande-bastide.com\/wp-content\/uploads\/2025\/06\/article-la-provence-fete-de-lete-25.png\" alt=\"\" class=\"wp-image-18632\" srcset=\"https:\/\/csc-grande-bastide.com\/wp-content\/uploads\/2025\/06\/article-la-provence-fete-de-lete-25.png 258w, https:\/\/csc-grande-bastide.com\/wp-content\/uploads\/2025\/06\/article-la-provence-fete-de-lete-25-119x300.png 119w\" sizes=\"(max-width: 258px) 100vw, 258px\" \/><\/figure>\n<\/div>\n\n\n<div style=\"height:14px\" aria-hidden=\"true\" class=\"wp-block-spacer\"><\/div>\n\n\n\n<h2 class=\"wp-block-heading has-text-align-center\">Projet lanternes S\u00e9niors<\/h2>\n\n\n\n<p class=\"has-text-align-center\">La Provence &#8211; Novembre 2024<\/p>\n\n\n<div class=\"wp-block-image\">\n<figure class=\"aligncenter size-large is-resized\"><img decoding=\"async\" width=\"1024\" height=\"768\" src=\"https:\/\/csc-grande-bastide.com\/wp-content\/uploads\/2024\/12\/image_123650291-4-1024x768.jpg\" alt=\"\" class=\"wp-image-15694\" style=\"width:504px;height:auto\" srcset=\"https:\/\/csc-grande-bastide.com\/wp-content\/uploads\/2024\/12\/image_123650291-4-1024x768.jpg 1024w, https:\/\/csc-grande-bastide.com\/wp-content\/uploads\/2024\/12\/image_123650291-4-300x225.jpg 300w, https:\/\/csc-grande-bastide.com\/wp-content\/uploads\/2024\/12\/image_123650291-4-768x576.jpg 768w, https:\/\/csc-grande-bastide.com\/wp-content\/uploads\/2024\/12\/image_123650291-4-1536x1152.jpg 1536w, https:\/\/csc-grande-bastide.com\/wp-content\/uploads\/2024\/12\/image_123650291-4-600x450.jpg 600w, https:\/\/csc-grande-bastide.com\/wp-content\/uploads\/2024\/12\/image_123650291-4-rotated.jpg 1600w\" sizes=\"(max-width: 1024px) 100vw, 1024px\" \/><\/figure>\n<\/div>\n\n\n<div style=\"height:18px\" aria-hidden=\"true\" class=\"wp-block-spacer\"><\/div>\n\n\n\n<h2 class=\"wp-block-heading has-text-align-center\">Ateliers num\u00e9riques S\u00e9niors<\/h2>\n\n\n\n<p class=\"has-text-align-center\">La Provence &#8211; mars 2024<\/p>\n\n\n<div class=\"wp-block-image\">\n<figure class=\"aligncenter size-large is-resized\"><img decoding=\"async\" width=\"768\" height=\"1024\" src=\"https:\/\/csc-grande-bastide.com\/wp-content\/uploads\/2024\/04\/4228902332809682468-768x1024.jpg\" alt=\"\" class=\"wp-image-13971\" style=\"width:295px;height:auto\" srcset=\"https:\/\/csc-grande-bastide.com\/wp-content\/uploads\/2024\/04\/4228902332809682468-768x1024.jpg 768w, https:\/\/csc-grande-bastide.com\/wp-content\/uploads\/2024\/04\/4228902332809682468-225x300.jpg 225w, https:\/\/csc-grande-bastide.com\/wp-content\/uploads\/2024\/04\/4228902332809682468-1152x1536.jpg 1152w, https:\/\/csc-grande-bastide.com\/wp-content\/uploads\/2024\/04\/4228902332809682468-600x800.jpg 600w, https:\/\/csc-grande-bastide.com\/wp-content\/uploads\/2024\/04\/4228902332809682468.jpg 1200w\" sizes=\"(max-width: 768px) 100vw, 768px\" \/><\/figure>\n<\/div>\n\n\n<div style=\"height:30px\" aria-hidden=\"true\" class=\"wp-block-spacer\"><\/div>\n\n\n\n<h2 class=\"wp-block-heading has-text-align-center\">Mobilisation &#8211; Centres Sociaux<\/h2>\n\n\n\n<p class=\"has-text-align-center\"><a href=\"https:\/\/www.laprovence.com\/article\/region\/1594931023510416\/les-sept-centres-sociaux-daix-en-provence-appellent-a-laide\" target=\"_blank\" rel=\"noreferrer noopener\">La Provence 01\/02\/2024<\/a><\/p>\n\n\n\n<div class=\"wp-block-jetpack-slideshow aligncenter\" data-effect=\"slide\"><div class=\"wp-block-jetpack-slideshow_container swiper-container\"><ul class=\"wp-block-jetpack-slideshow_swiper-wrapper swiper-wrapper\"><li class=\"wp-block-jetpack-slideshow_slide swiper-slide\"><figure><img loading=\"lazy\" decoding=\"async\" width=\"695\" height=\"1024\" alt=\"\" class=\"wp-block-jetpack-slideshow_image wp-image-13517\" data-id=\"13517\" src=\"https:\/\/csc-grande-bastide.com\/wp-content\/uploads\/2024\/02\/image_6487327-9-695x1024.jpg\" srcset=\"https:\/\/csc-grande-bastide.com\/wp-content\/uploads\/2024\/02\/image_6487327-9-695x1024.jpg 695w, https:\/\/csc-grande-bastide.com\/wp-content\/uploads\/2024\/02\/image_6487327-9-204x300.jpg 204w, https:\/\/csc-grande-bastide.com\/wp-content\/uploads\/2024\/02\/image_6487327-9-768x1132.jpg 768w, https:\/\/csc-grande-bastide.com\/wp-content\/uploads\/2024\/02\/image_6487327-9-600x884.jpg 600w, https:\/\/csc-grande-bastide.com\/wp-content\/uploads\/2024\/02\/image_6487327-9.jpg 828w\" sizes=\"(max-width: 695px) 100vw, 695px\" \/><\/figure><\/li><li class=\"wp-block-jetpack-slideshow_slide swiper-slide\"><figure><img loading=\"lazy\" decoding=\"async\" width=\"549\" height=\"1024\" alt=\"\" class=\"wp-block-jetpack-slideshow_image wp-image-13516\" data-id=\"13516\" src=\"https:\/\/csc-grande-bastide.com\/wp-content\/uploads\/2024\/02\/image_6487327-10-549x1024.jpg\" srcset=\"https:\/\/csc-grande-bastide.com\/wp-content\/uploads\/2024\/02\/image_6487327-10-549x1024.jpg 549w, https:\/\/csc-grande-bastide.com\/wp-content\/uploads\/2024\/02\/image_6487327-10-161x300.jpg 161w, https:\/\/csc-grande-bastide.com\/wp-content\/uploads\/2024\/02\/image_6487327-10-768x1433.jpg 768w, https:\/\/csc-grande-bastide.com\/wp-content\/uploads\/2024\/02\/image_6487327-10-823x1536.jpg 823w, https:\/\/csc-grande-bastide.com\/wp-content\/uploads\/2024\/02\/image_6487327-10-600x1120.jpg 600w, https:\/\/csc-grande-bastide.com\/wp-content\/uploads\/2024\/02\/image_6487327-10.jpg 828w\" sizes=\"(max-width: 549px) 100vw, 549px\" \/><\/figure><\/li><li class=\"wp-block-jetpack-slideshow_slide swiper-slide\"><figure><img loading=\"lazy\" decoding=\"async\" width=\"526\" height=\"1024\" alt=\"\" class=\"wp-block-jetpack-slideshow_image wp-image-13515\" data-id=\"13515\" src=\"https:\/\/csc-grande-bastide.com\/wp-content\/uploads\/2024\/02\/image_6487327-11-526x1024.jpg\" srcset=\"https:\/\/csc-grande-bastide.com\/wp-content\/uploads\/2024\/02\/image_6487327-11-526x1024.jpg 526w, https:\/\/csc-grande-bastide.com\/wp-content\/uploads\/2024\/02\/image_6487327-11-154x300.jpg 154w, https:\/\/csc-grande-bastide.com\/wp-content\/uploads\/2024\/02\/image_6487327-11-768x1494.jpg 768w, https:\/\/csc-grande-bastide.com\/wp-content\/uploads\/2024\/02\/image_6487327-11-789x1536.jpg 789w, https:\/\/csc-grande-bastide.com\/wp-content\/uploads\/2024\/02\/image_6487327-11-600x1167.jpg 600w, https:\/\/csc-grande-bastide.com\/wp-content\/uploads\/2024\/02\/image_6487327-11.jpg 828w\" sizes=\"(max-width: 526px) 100vw, 526px\" \/><\/figure><\/li><\/ul><a class=\"wp-block-jetpack-slideshow_button-prev swiper-button-prev swiper-button-white\" role=\"button\"><\/a><a class=\"wp-block-jetpack-slideshow_button-next swiper-button-next swiper-button-white\" role=\"button\"><\/a><a aria-label=\"Pause Slideshow\" class=\"wp-block-jetpack-slideshow_button-pause\" role=\"button\"><\/a><div class=\"wp-block-jetpack-slideshow_pagination swiper-pagination swiper-pagination-white\"><\/div><\/div><\/div>\n\n\n\n<div style=\"height:39px\" aria-hidden=\"true\" class=\"wp-block-spacer\"><\/div>\n\n\n\n<h2 class=\"wp-block-heading has-text-align-center\"><strong>F\u00eate de Saint Andr\u00e9<\/strong><\/h2>\n\n\n\n<p class=\"has-text-align-center\">Novembre 2023<\/p>\n\n\n<div class=\"wp-block-image\">\n<figure class=\"aligncenter size-full\"><img loading=\"lazy\" decoding=\"async\" width=\"175\" height=\"429\" src=\"https:\/\/csc-grande-bastide.com\/wp-content\/uploads\/2023\/12\/Presse-fete-de-saint-andre.jpg\" alt=\"\" class=\"wp-image-13133\" srcset=\"https:\/\/csc-grande-bastide.com\/wp-content\/uploads\/2023\/12\/Presse-fete-de-saint-andre.jpg 175w, https:\/\/csc-grande-bastide.com\/wp-content\/uploads\/2023\/12\/Presse-fete-de-saint-andre-122x300.jpg 122w\" sizes=\"(max-width: 175px) 100vw, 175px\" \/><\/figure>\n<\/div>\n\n\n<h2 class=\"wp-block-heading has-text-align-center\">\u00ab\u00a0Papouilles et Papotages\u00a0\u00bb &#8211; La Provence<\/h2>\n\n\n\n<p class=\"has-text-align-center\">Octobre 2023<\/p>\n\n\n<div class=\"wp-block-image\">\n<figure class=\"aligncenter size-large is-resized\"><img loading=\"lazy\" decoding=\"async\" width=\"449\" height=\"1024\" src=\"https:\/\/csc-grande-bastide.com\/wp-content\/uploads\/2023\/11\/20231103102636428-1_page-0002-449x1024.jpg\" alt=\"\" class=\"wp-image-12937\" style=\"aspect-ratio:0.4384765625;width:317px;height:auto\" srcset=\"https:\/\/csc-grande-bastide.com\/wp-content\/uploads\/2023\/11\/20231103102636428-1_page-0002-449x1024.jpg 449w, https:\/\/csc-grande-bastide.com\/wp-content\/uploads\/2023\/11\/20231103102636428-1_page-0002-132x300.jpg 132w, https:\/\/csc-grande-bastide.com\/wp-content\/uploads\/2023\/11\/20231103102636428-1_page-0002-600x1368.jpg 600w, https:\/\/csc-grande-bastide.com\/wp-content\/uploads\/2023\/11\/20231103102636428-1_page-0002.jpg 626w\" sizes=\"(max-width: 449px) 100vw, 449px\" \/><\/figure>\n<\/div>\n\n\n<div style=\"height:23px\" aria-hidden=\"true\" class=\"wp-block-spacer\"><\/div>\n\n\n\n<h2 class=\"wp-block-heading has-text-align-center\">La Troc&rsquo;rie &#8211; La Provence<\/h2>\n\n\n\n<p class=\"has-text-align-center\">Septembre 2023<\/p>\n\n\n<div class=\"wp-block-image\">\n<figure class=\"aligncenter size-large is-resized\"><img loading=\"lazy\" decoding=\"async\" width=\"1024\" height=\"723\" src=\"https:\/\/csc-grande-bastide.com\/wp-content\/uploads\/2023\/11\/20231103102636428-1_page-0001-1024x723.jpg\" alt=\"\" class=\"wp-image-12936\" style=\"aspect-ratio:1.4163208852005533;width:509px;height:auto\" srcset=\"https:\/\/csc-grande-bastide.com\/wp-content\/uploads\/2023\/11\/20231103102636428-1_page-0001-1024x723.jpg 1024w, https:\/\/csc-grande-bastide.com\/wp-content\/uploads\/2023\/11\/20231103102636428-1_page-0001-300x212.jpg 300w, https:\/\/csc-grande-bastide.com\/wp-content\/uploads\/2023\/11\/20231103102636428-1_page-0001-768x542.jpg 768w, https:\/\/csc-grande-bastide.com\/wp-content\/uploads\/2023\/11\/20231103102636428-1_page-0001-600x423.jpg 600w, https:\/\/csc-grande-bastide.com\/wp-content\/uploads\/2023\/11\/20231103102636428-1_page-0001.jpg 1240w\" sizes=\"(max-width: 1024px) 100vw, 1024px\" \/><\/figure>\n<\/div>\n\n\n<div style=\"height:22px\" aria-hidden=\"true\" class=\"wp-block-spacer\"><\/div>\n\n\n\n<h2 class=\"wp-block-heading has-text-align-center has-colibri-color-6-color has-text-color\">Bien-\u00eatre seniors &#8211; La Provence<\/h2>\n\n\n\n<p class=\"has-text-align-center has-colibri-color-6-color has-text-color\"><em>Septembre 2023<\/em><\/p>\n\n\n<div class=\"wp-block-image\">\n<figure class=\"aligncenter size-large is-resized\"><img loading=\"lazy\" decoding=\"async\" width=\"891\" height=\"1024\" src=\"https:\/\/csc-grande-bastide.com\/wp-content\/uploads\/2023\/10\/la-provence-article-891x1024.jpg\" alt=\"\" class=\"wp-image-12705\" style=\"width:383px;height:440px\" srcset=\"https:\/\/csc-grande-bastide.com\/wp-content\/uploads\/2023\/10\/la-provence-article-891x1024.jpg 891w, https:\/\/csc-grande-bastide.com\/wp-content\/uploads\/2023\/10\/la-provence-article-261x300.jpg 261w, https:\/\/csc-grande-bastide.com\/wp-content\/uploads\/2023\/10\/la-provence-article-768x883.jpg 768w, https:\/\/csc-grande-bastide.com\/wp-content\/uploads\/2023\/10\/la-provence-article-600x690.jpg 600w, https:\/\/csc-grande-bastide.com\/wp-content\/uploads\/2023\/10\/la-provence-article.jpg 1075w\" sizes=\"(max-width: 891px) 100vw, 891px\" \/><\/figure>\n<\/div>\n\n\n<h2 class=\"wp-block-heading has-text-align-center\">La Troc&rsquo;rie &#8211; Aix Le Mag<\/h2>\n\n\n\n<p class=\"has-text-align-center has-colibri-color-6-color has-text-color\"><em>Septembre 2023<\/em><\/p>\n\n\n<div class=\"wp-block-image\">\n<figure class=\"aligncenter size-large is-resized\"><a href=\"https:\/\/www.aixenprovence.fr\/Aix-le-Mag-28285\" target=\"_blank\" rel=\"noreferrer noopener\"><img loading=\"lazy\" decoding=\"async\" width=\"1024\" height=\"454\" src=\"https:\/\/csc-grande-bastide.com\/wp-content\/uploads\/2023\/09\/AIX-LE-MAG-1024x454.jpg\" alt=\"\" class=\"wp-image-12681\" style=\"width:551px;height:244px\" srcset=\"https:\/\/csc-grande-bastide.com\/wp-content\/uploads\/2023\/09\/AIX-LE-MAG-1024x454.jpg 1024w, https:\/\/csc-grande-bastide.com\/wp-content\/uploads\/2023\/09\/AIX-LE-MAG-300x133.jpg 300w, https:\/\/csc-grande-bastide.com\/wp-content\/uploads\/2023\/09\/AIX-LE-MAG-768x340.jpg 768w, https:\/\/csc-grande-bastide.com\/wp-content\/uploads\/2023\/09\/AIX-LE-MAG-600x266.jpg 600w, https:\/\/csc-grande-bastide.com\/wp-content\/uploads\/2023\/09\/AIX-LE-MAG.jpg 1068w\" sizes=\"(max-width: 1024px) 100vw, 1024px\" \/><\/a><\/figure>\n<\/div>\n\n\n<h2 class=\"wp-block-heading has-text-align-center\"><mark style=\"background-color:rgba(0, 0, 0, 0)\" class=\"has-inline-color has-black-color\">Reportage &#8211; <a href=\"https:\/\/www.anonymal.tv\/\" target=\"_blank\" rel=\"noreferrer noopener\">Anonymal<\/a><\/mark><\/h2>\n\n\n\n<p class=\"has-text-align-center\"><mark style=\"background-color:rgba(0, 0, 0, 0)\" class=\"has-inline-color has-black-color\"><br>Les salari\u00e9s se mobilisent pour d\u00e9noncer&nbsp;les n\u00e9gociations qui se d\u00e9roulent depuis plusieurs semaines \u00e0 propos de la Convention Cadre des centres sociaux.<\/mark><br><br>https:\/\/www.anonymal.tv\/<\/p>\n\n\n\n<div style=\"height:22px\" aria-hidden=\"true\" class=\"wp-block-spacer\"><\/div>\n\n\n\n<h2 class=\"wp-block-heading has-text-align-center\">\u00ab\u00a0Face \u00e0 leurs financeurs, les centres sociaux se rebiffent\u00a0\u00bb<\/h2>\n\n\n\n<p class=\"has-text-align-center\"><mark style=\"background-color:rgba(0, 0, 0, 0)\" class=\"has-inline-color has-black-color\">En d\u00e9cembre 2022, le directeur du Centre Social appara\u00eet dans le journal La Provence !<\/mark><\/p>\n\n\n<div class=\"wp-block-image\">\n<figure class=\"aligncenter size-large\"><img loading=\"lazy\" decoding=\"async\" width=\"768\" height=\"1024\" src=\"https:\/\/csc-grande-bastide.com\/wp-content\/uploads\/2022\/12\/image_67219713-768x1024.jpg\" alt=\"\" class=\"wp-image-9882\" srcset=\"https:\/\/csc-grande-bastide.com\/wp-content\/uploads\/2022\/12\/image_67219713-768x1024.jpg 768w, https:\/\/csc-grande-bastide.com\/wp-content\/uploads\/2022\/12\/image_67219713-225x300.jpg 225w, https:\/\/csc-grande-bastide.com\/wp-content\/uploads\/2022\/12\/image_67219713-1152x1536.jpg 1152w, https:\/\/csc-grande-bastide.com\/wp-content\/uploads\/2022\/12\/image_67219713-1536x2048.jpg 1536w, https:\/\/csc-grande-bastide.com\/wp-content\/uploads\/2022\/12\/image_67219713-600x800.jpg 600w, https:\/\/csc-grande-bastide.com\/wp-content\/uploads\/2022\/12\/image_67219713-scaled.jpg 1920w\" sizes=\"(max-width: 768px) 100vw, 768px\" \/><\/figure>\n<\/div>\n\n\n<h2 class=\"wp-block-heading has-text-align-center\">Cal\u00e8che de No\u00ebl &#8211; Aix Le Mag<\/h2>\n\n\n\n<p class=\"has-text-align-center has-black-color has-text-color\">En novembre 2022, nous apparaissons dans le Mag Culturelle de la Ville qui annonce notre journ\u00e9e \u00ab\u00a0Cal\u00e8che de No\u00ebl\u00a0\u00bb au Centre Social !<\/p>\n\n\n<div class=\"wp-block-image\">\n<figure class=\"aligncenter size-full is-resized\"><img loading=\"lazy\" decoding=\"async\" width=\"859\" height=\"990\" src=\"https:\/\/csc-grande-bastide.com\/wp-content\/uploads\/2022\/11\/GRANDE-BASTIDE.jpg\" alt=\"\" class=\"wp-image-9730\" style=\"width:548px;height:632px\" srcset=\"https:\/\/csc-grande-bastide.com\/wp-content\/uploads\/2022\/11\/GRANDE-BASTIDE.jpg 859w, https:\/\/csc-grande-bastide.com\/wp-content\/uploads\/2022\/11\/GRANDE-BASTIDE-260x300.jpg 260w, https:\/\/csc-grande-bastide.com\/wp-content\/uploads\/2022\/11\/GRANDE-BASTIDE-768x885.jpg 768w, https:\/\/csc-grande-bastide.com\/wp-content\/uploads\/2022\/11\/GRANDE-BASTIDE-600x692.jpg 600w\" sizes=\"(max-width: 859px) 100vw, 859px\" \/><\/figure>\n<\/div>\n\n\n<div style=\"height:26px\" aria-hidden=\"true\" class=\"wp-block-spacer\"><\/div>\n\n\n\n<h2 class=\"wp-block-heading has-text-align-center\"><strong>Coup de pouce num\u00e9rique &#8211; La Provence<\/strong><\/h2>\n\n\n\n<p class=\"has-text-align-center\" style=\"font-size:18px\"><mark style=\"background-color:rgba(0, 0, 0, 0)\" class=\"has-inline-color has-black-color\">En mars 2022 nous apparaissions dans le journal \u00ab\u00a0La Provence\u00a0\u00bb qui r\u00e9dige un article sur notre atelier \u00ab\u00a0Coup de pouce num\u00e9rique\u00a0\u00bb, en partenariat avec Unis-Cit\u00e9, d\u00e9di\u00e9 \u00e0 l&rsquo;accompagnement des seniors dans l&rsquo;utilisations du num\u00e9rique. <\/mark><br>&#8211;<mark style=\"background-color:rgba(0, 0, 0, 0)\" class=\"has-inline-color has-black-color\"><br>Cet atelier a lieu tous les vendredis sur rendez-vous au Centre Social et Culturel \u00ab\u00a0La Grande Bastide\u00a0\u00bb. <br><\/mark><mark style=\"background-color:rgba(0, 0, 0, 0)\" class=\"has-inline-color has-vivid-red-color\"><strong>&gt; 04.42.26.34.46<\/strong> <strong>&gt; Avenue du Square, 13100 Aix-en-Pce<br><\/strong><\/mark><mark style=\"background-color:rgba(0, 0, 0, 0)\" class=\"has-inline-color has-black-color\"><br>Merci La Provence pour cette apparition ! <\/mark><\/p>\n\n\n\n<div style=\"height:40px\" aria-hidden=\"true\" class=\"wp-block-spacer\"><\/div>\n\n\n<div class=\"wp-block-image\">\n<figure class=\"aligncenter size-large\"><img loading=\"lazy\" decoding=\"async\" width=\"724\" height=\"1024\" src=\"https:\/\/csc-grande-bastide.com\/wp-content\/uploads\/2022\/03\/Article-la-provence-724x1024.jpg\" alt=\"\" class=\"wp-image-5737\" srcset=\"https:\/\/csc-grande-bastide.com\/wp-content\/uploads\/2022\/03\/Article-la-provence-724x1024.jpg 724w, https:\/\/csc-grande-bastide.com\/wp-content\/uploads\/2022\/03\/Article-la-provence-212x300.jpg 212w, https:\/\/csc-grande-bastide.com\/wp-content\/uploads\/2022\/03\/Article-la-provence-768x1086.jpg 768w, https:\/\/csc-grande-bastide.com\/wp-content\/uploads\/2022\/03\/Article-la-provence-1086x1536.jpg 1086w, https:\/\/csc-grande-bastide.com\/wp-content\/uploads\/2022\/03\/Article-la-provence-600x849.jpg 600w, https:\/\/csc-grande-bastide.com\/wp-content\/uploads\/2022\/03\/Article-la-provence.jpg 1414w\" sizes=\"(max-width: 724px) 100vw, 724px\" \/><\/figure>\n<\/div>\n\n\n<div style=\"height:62px\" aria-hidden=\"true\" class=\"wp-block-spacer\"><\/div>\n\n\n\n<h2 class=\"wp-block-heading has-text-align-center\"><strong>Mini Box ALSH &#8211; La Provence<\/strong><\/h2>\n\n\n\n<p class=\"has-text-align-center\" style=\"font-size:18px\"><mark style=\"background-color:rgba(0, 0, 0, 0)\" class=\"has-inline-color has-black-color\">En juillet 2021 nous apparaissions dans le journal \u00ab\u00a0La Provence\u00a0\u00bb qui r\u00e9dige un article sur les Mini-box ! <\/mark><\/p>\n\n\n\n<p class=\"has-text-align-center\" style=\"font-size:18px\"><mark style=\"background-color:rgba(0, 0, 0, 0)\" class=\"has-inline-color has-black-color\">Merci La Provence pour cette apparition !<\/mark><\/p>\n\n\n\n<div style=\"height:20px\" aria-hidden=\"true\" class=\"wp-block-spacer\"><\/div>\n\n\n<div class=\"wp-block-image\">\n<figure class=\"aligncenter size-large\"><img loading=\"lazy\" decoding=\"async\" width=\"724\" height=\"1024\" src=\"https:\/\/csc-grande-bastide.com\/wp-content\/uploads\/2022\/03\/SKM_C25821072010450_page-0001-724x1024.jpg\" alt=\"\" class=\"wp-image-5745\" srcset=\"https:\/\/csc-grande-bastide.com\/wp-content\/uploads\/2022\/03\/SKM_C25821072010450_page-0001-724x1024.jpg 724w, https:\/\/csc-grande-bastide.com\/wp-content\/uploads\/2022\/03\/SKM_C25821072010450_page-0001-212x300.jpg 212w, https:\/\/csc-grande-bastide.com\/wp-content\/uploads\/2022\/03\/SKM_C25821072010450_page-0001-768x1087.jpg 768w, https:\/\/csc-grande-bastide.com\/wp-content\/uploads\/2022\/03\/SKM_C25821072010450_page-0001-1086x1536.jpg 1086w, https:\/\/csc-grande-bastide.com\/wp-content\/uploads\/2022\/03\/SKM_C25821072010450_page-0001-1448x2048.jpg 1448w, https:\/\/csc-grande-bastide.com\/wp-content\/uploads\/2022\/03\/SKM_C25821072010450_page-0001-600x849.jpg 600w, https:\/\/csc-grande-bastide.com\/wp-content\/uploads\/2022\/03\/SKM_C25821072010450_page-0001-rotated.jpg 1753w\" sizes=\"(max-width: 724px) 100vw, 724px\" \/><\/figure>\n<\/div>\n\n\n<p><\/p>\n","protected":false},"excerpt":{"rendered":"<p>F\u00eate de l&rsquo;\u00e9t\u00e9 2025 La Provence &#8211; juin 2025 Projet lanternes S\u00e9niors La Provence &#8211; Novembre 2024 Ateliers num\u00e9riques S\u00e9niors La Provence &#8211; mars 2024 Mobilisation &#8211; Centres Sociaux La Provence 01\/02\/2024 F\u00eate de Saint Andr\u00e9 Novembre 2023 \u00ab\u00a0Papouilles et Papotages\u00a0\u00bb &#8211; La Provence Octobre 2023 La Troc&rsquo;rie &#8211; La Provence Septembre 2023 Bien-\u00eatre seniors [&hellip;]<\/p>\n","protected":false},"author":9,"featured_media":0,"parent":0,"menu_order":0,"comment_status":"closed","ping_status":"closed","template":"","meta":{"footnotes":""},"class_list":["post-5734","page","type-page","status-publish","hentry"],"yoast_head":"<!-- This site is optimized with the Yoast SEO plugin v27.4 - https:\/\/yoast.com\/product\/yoast-seo-wordpress\/ -->\n<title>On parle de nous ! - &quot;La Grande Bastide&quot;<\/title>\n<meta name=\"robots\" content=\"index, follow, max-snippet:-1, max-image-preview:large, max-video-preview:-1\" \/>\n<link rel=\"canonical\" href=\"https:\/\/csc-grande-bastide.com\/index.php\/on-parle-de-nous\/\" \/>\n<meta property=\"og:locale\" content=\"fr_FR\" \/>\n<meta property=\"og:type\" content=\"article\" \/>\n<meta property=\"og:title\" content=\"On parle de nous ! - &quot;La Grande Bastide&quot;\" \/>\n<meta property=\"og:description\" content=\"F\u00eate de l&rsquo;\u00e9t\u00e9 2025 La Provence &#8211; juin 2025 Projet lanternes S\u00e9niors La Provence &#8211; Novembre 2024 Ateliers num\u00e9riques S\u00e9niors La Provence &#8211; mars 2024 Mobilisation &#8211; Centres Sociaux La Provence 01\/02\/2024 F\u00eate de Saint Andr\u00e9 Novembre 2023 \u00ab\u00a0Papouilles et Papotages\u00a0\u00bb &#8211; La Provence Octobre 2023 La Troc&rsquo;rie &#8211; La Provence Septembre 2023 Bien-\u00eatre seniors [&hellip;]\" \/>\n<meta property=\"og:url\" content=\"https:\/\/csc-grande-bastide.com\/index.php\/on-parle-de-nous\/\" \/>\n<meta property=\"og:site_name\" content=\"&quot;La Grande Bastide&quot;\" \/>\n<meta property=\"article:modified_time\" content=\"2025-06-26T08:17:44+00:00\" \/>\n<meta property=\"og:image\" content=\"https:\/\/csc-grande-bastide.com\/wp-content\/uploads\/2025\/06\/article-la-provence-fete-de-lete-25.png\" \/>\n\t<meta property=\"og:image:width\" content=\"258\" \/>\n\t<meta property=\"og:image:height\" content=\"650\" \/>\n\t<meta property=\"og:image:type\" content=\"image\/png\" \/>\n<meta name=\"twitter:card\" content=\"summary_large_image\" \/>\n<meta name=\"twitter:label1\" content=\"Dur\u00e9e de lecture estim\u00e9e\" \/>\n\t<meta name=\"twitter:data1\" content=\"5 minutes\" \/>\n<script type=\"application\/ld+json\" class=\"yoast-schema-graph\">{\"@context\":\"https:\\\/\\\/schema.org\",\"@graph\":[{\"@type\":\"WebPage\",\"@id\":\"https:\\\/\\\/csc-grande-bastide.com\\\/index.php\\\/on-parle-de-nous\\\/\",\"url\":\"https:\\\/\\\/csc-grande-bastide.com\\\/index.php\\\/on-parle-de-nous\\\/\",\"name\":\"On parle de nous ! - &quot;La Grande Bastide&quot;\",\"isPartOf\":{\"@id\":\"https:\\\/\\\/csc-grande-bastide.com\\\/#website\"},\"primaryImageOfPage\":{\"@id\":\"https:\\\/\\\/csc-grande-bastide.com\\\/index.php\\\/on-parle-de-nous\\\/#primaryimage\"},\"image\":{\"@id\":\"https:\\\/\\\/csc-grande-bastide.com\\\/index.php\\\/on-parle-de-nous\\\/#primaryimage\"},\"thumbnailUrl\":\"https:\\\/\\\/csc-grande-bastide.com\\\/wp-content\\\/uploads\\\/2025\\\/06\\\/article-la-provence-fete-de-lete-25.png\",\"datePublished\":\"2022-03-15T11:09:17+00:00\",\"dateModified\":\"2025-06-26T08:17:44+00:00\",\"breadcrumb\":{\"@id\":\"https:\\\/\\\/csc-grande-bastide.com\\\/index.php\\\/on-parle-de-nous\\\/#breadcrumb\"},\"inLanguage\":\"fr-FR\",\"potentialAction\":[{\"@type\":\"ReadAction\",\"target\":[\"https:\\\/\\\/csc-grande-bastide.com\\\/index.php\\\/on-parle-de-nous\\\/\"]}]},{\"@type\":\"ImageObject\",\"inLanguage\":\"fr-FR\",\"@id\":\"https:\\\/\\\/csc-grande-bastide.com\\\/index.php\\\/on-parle-de-nous\\\/#primaryimage\",\"url\":\"https:\\\/\\\/csc-grande-bastide.com\\\/wp-content\\\/uploads\\\/2025\\\/06\\\/article-la-provence-fete-de-lete-25.png\",\"contentUrl\":\"https:\\\/\\\/csc-grande-bastide.com\\\/wp-content\\\/uploads\\\/2025\\\/06\\\/article-la-provence-fete-de-lete-25.png\",\"width\":258,\"height\":650},{\"@type\":\"BreadcrumbList\",\"@id\":\"https:\\\/\\\/csc-grande-bastide.com\\\/index.php\\\/on-parle-de-nous\\\/#breadcrumb\",\"itemListElement\":[{\"@type\":\"ListItem\",\"position\":1,\"name\":\"Accueil\",\"item\":\"https:\\\/\\\/csc-grande-bastide.com\\\/\"},{\"@type\":\"ListItem\",\"position\":2,\"name\":\"On parle de nous !\"}]},{\"@type\":\"WebSite\",\"@id\":\"https:\\\/\\\/csc-grande-bastide.com\\\/#website\",\"url\":\"https:\\\/\\\/csc-grande-bastide.com\\\/\",\"name\":\"&quot;La Grande Bastide&quot;\",\"description\":\"Centre Social et Culturel \u00e0 Aix-en-Provence\",\"publisher\":{\"@id\":\"https:\\\/\\\/csc-grande-bastide.com\\\/#organization\"},\"potentialAction\":[{\"@type\":\"SearchAction\",\"target\":{\"@type\":\"EntryPoint\",\"urlTemplate\":\"https:\\\/\\\/csc-grande-bastide.com\\\/?s={search_term_string}\"},\"query-input\":{\"@type\":\"PropertyValueSpecification\",\"valueRequired\":true,\"valueName\":\"search_term_string\"}}],\"inLanguage\":\"fr-FR\"},{\"@type\":\"Organization\",\"@id\":\"https:\\\/\\\/csc-grande-bastide.com\\\/#organization\",\"name\":\"&quot;La Grande Bastide&quot;\",\"url\":\"https:\\\/\\\/csc-grande-bastide.com\\\/\",\"logo\":{\"@type\":\"ImageObject\",\"inLanguage\":\"fr-FR\",\"@id\":\"https:\\\/\\\/csc-grande-bastide.com\\\/#\\\/schema\\\/logo\\\/image\\\/\",\"url\":\"https:\\\/\\\/csc-grande-bastide.com\\\/wp-content\\\/uploads\\\/2023\\\/07\\\/cropped-Colorful-Books-Faux-OrganicAbstract-Media-Lifestyle-11-Static-Feed-Ad-1.png\",\"contentUrl\":\"https:\\\/\\\/csc-grande-bastide.com\\\/wp-content\\\/uploads\\\/2023\\\/07\\\/cropped-Colorful-Books-Faux-OrganicAbstract-Media-Lifestyle-11-Static-Feed-Ad-1.png\",\"width\":1079,\"height\":1079,\"caption\":\"&quot;La Grande Bastide&quot;\"},\"image\":{\"@id\":\"https:\\\/\\\/csc-grande-bastide.com\\\/#\\\/schema\\\/logo\\\/image\\\/\"}}]}<\/script>\n<!-- \/ Yoast SEO plugin. -->","yoast_head_json":{"title":"On parle de nous ! - &quot;La Grande Bastide&quot;","robots":{"index":"index","follow":"follow","max-snippet":"max-snippet:-1","max-image-preview":"max-image-preview:large","max-video-preview":"max-video-preview:-1"},"canonical":"https:\/\/csc-grande-bastide.com\/index.php\/on-parle-de-nous\/","og_locale":"fr_FR","og_type":"article","og_title":"On parle de nous ! - &quot;La Grande Bastide&quot;","og_description":"F\u00eate de l&rsquo;\u00e9t\u00e9 2025 La Provence &#8211; juin 2025 Projet lanternes S\u00e9niors La Provence &#8211; Novembre 2024 Ateliers num\u00e9riques S\u00e9niors La Provence &#8211; mars 2024 Mobilisation &#8211; Centres Sociaux La Provence 01\/02\/2024 F\u00eate de Saint Andr\u00e9 Novembre 2023 \u00ab\u00a0Papouilles et Papotages\u00a0\u00bb &#8211; La Provence Octobre 2023 La Troc&rsquo;rie &#8211; La Provence Septembre 2023 Bien-\u00eatre seniors [&hellip;]","og_url":"https:\/\/csc-grande-bastide.com\/index.php\/on-parle-de-nous\/","og_site_name":"&quot;La Grande Bastide&quot;","article_modified_time":"2025-06-26T08:17:44+00:00","og_image":[{"width":258,"height":650,"url":"https:\/\/csc-grande-bastide.com\/wp-content\/uploads\/2025\/06\/article-la-provence-fete-de-lete-25.png","type":"image\/png"}],"twitter_card":"summary_large_image","twitter_misc":{"Dur\u00e9e de lecture estim\u00e9e":"5 minutes"},"schema":{"@context":"https:\/\/schema.org","@graph":[{"@type":"WebPage","@id":"https:\/\/csc-grande-bastide.com\/index.php\/on-parle-de-nous\/","url":"https:\/\/csc-grande-bastide.com\/index.php\/on-parle-de-nous\/","name":"On parle de nous ! - &quot;La Grande Bastide&quot;","isPartOf":{"@id":"https:\/\/csc-grande-bastide.com\/#website"},"primaryImageOfPage":{"@id":"https:\/\/csc-grande-bastide.com\/index.php\/on-parle-de-nous\/#primaryimage"},"image":{"@id":"https:\/\/csc-grande-bastide.com\/index.php\/on-parle-de-nous\/#primaryimage"},"thumbnailUrl":"https:\/\/csc-grande-bastide.com\/wp-content\/uploads\/2025\/06\/article-la-provence-fete-de-lete-25.png","datePublished":"2022-03-15T11:09:17+00:00","dateModified":"2025-06-26T08:17:44+00:00","breadcrumb":{"@id":"https:\/\/csc-grande-bastide.com\/index.php\/on-parle-de-nous\/#breadcrumb"},"inLanguage":"fr-FR","potentialAction":[{"@type":"ReadAction","target":["https:\/\/csc-grande-bastide.com\/index.php\/on-parle-de-nous\/"]}]},{"@type":"ImageObject","inLanguage":"fr-FR","@id":"https:\/\/csc-grande-bastide.com\/index.php\/on-parle-de-nous\/#primaryimage","url":"https:\/\/csc-grande-bastide.com\/wp-content\/uploads\/2025\/06\/article-la-provence-fete-de-lete-25.png","contentUrl":"https:\/\/csc-grande-bastide.com\/wp-content\/uploads\/2025\/06\/article-la-provence-fete-de-lete-25.png","width":258,"height":650},{"@type":"BreadcrumbList","@id":"https:\/\/csc-grande-bastide.com\/index.php\/on-parle-de-nous\/#breadcrumb","itemListElement":[{"@type":"ListItem","position":1,"name":"Accueil","item":"https:\/\/csc-grande-bastide.com\/"},{"@type":"ListItem","position":2,"name":"On parle de nous !"}]},{"@type":"WebSite","@id":"https:\/\/csc-grande-bastide.com\/#website","url":"https:\/\/csc-grande-bastide.com\/","name":"&quot;La Grande Bastide&quot;","description":"Centre Social et Culturel \u00e0 Aix-en-Provence","publisher":{"@id":"https:\/\/csc-grande-bastide.com\/#organization"},"potentialAction":[{"@type":"SearchAction","target":{"@type":"EntryPoint","urlTemplate":"https:\/\/csc-grande-bastide.com\/?s={search_term_string}"},"query-input":{"@type":"PropertyValueSpecification","valueRequired":true,"valueName":"search_term_string"}}],"inLanguage":"fr-FR"},{"@type":"Organization","@id":"https:\/\/csc-grande-bastide.com\/#organization","name":"&quot;La Grande Bastide&quot;","url":"https:\/\/csc-grande-bastide.com\/","logo":{"@type":"ImageObject","inLanguage":"fr-FR","@id":"https:\/\/csc-grande-bastide.com\/#\/schema\/logo\/image\/","url":"https:\/\/csc-grande-bastide.com\/wp-content\/uploads\/2023\/07\/cropped-Colorful-Books-Faux-OrganicAbstract-Media-Lifestyle-11-Static-Feed-Ad-1.png","contentUrl":"https:\/\/csc-grande-bastide.com\/wp-content\/uploads\/2023\/07\/cropped-Colorful-Books-Faux-OrganicAbstract-Media-Lifestyle-11-Static-Feed-Ad-1.png","width":1079,"height":1079,"caption":"&quot;La Grande Bastide&quot;"},"image":{"@id":"https:\/\/csc-grande-bastide.com\/#\/schema\/logo\/image\/"}}]}},"jetpack_sharing_enabled":true,"_links":{"self":[{"href":"https:\/\/csc-grande-bastide.com\/index.php\/wp-json\/wp\/v2\/pages\/5734","targetHints":{"allow":["GET"]}}],"collection":[{"href":"https:\/\/csc-grande-bastide.com\/index.php\/wp-json\/wp\/v2\/pages"}],"about":[{"href":"https:\/\/csc-grande-bastide.com\/index.php\/wp-json\/wp\/v2\/types\/page"}],"author":[{"embeddable":true,"href":"https:\/\/csc-grande-bastide.com\/index.php\/wp-json\/wp\/v2\/users\/9"}],"replies":[{"embeddable":true,"href":"https:\/\/csc-grande-bastide.com\/index.php\/wp-json\/wp\/v2\/comments?post=5734"}],"version-history":[{"count":21,"href":"https:\/\/csc-grande-bastide.com\/index.php\/wp-json\/wp\/v2\/pages\/5734\/revisions"}],"predecessor-version":[{"id":18633,"href":"https:\/\/csc-grande-bastide.com\/index.php\/wp-json\/wp\/v2\/pages\/5734\/revisions\/18633"}],"wp:attachment":[{"href":"https:\/\/csc-grande-bastide.com\/index.php\/wp-json\/wp\/v2\/media?parent=5734"}],"curies":[{"name":"wp","href":"https:\/\/api.w.org\/{rel}","templated":true}]}}