{"id":817,"date":"2020-07-22T10:32:47","date_gmt":"2020-07-22T08:32:47","guid":{"rendered":"https:\/\/csc-grande-bastide.com\/?post_type=product&#038;p=817"},"modified":"2025-04-17T02:27:12","modified_gmt":"2025-04-17T00:27:12","slug":"sac-a-dos-poche-refermable","status":"publish","type":"product","link":"https:\/\/csc-grande-bastide.com\/index.php\/produit\/sac-a-dos-poche-refermable\/","title":{"rendered":"Sac \u00e0 dos poche refermable"},"content":{"rendered":"<p><span style=\"font-weight: 400\">Sac \u00e0 dos en tissu pour enfant.<\/span><span style=\"font-weight: 400\"><br \/>\n<\/span><span style=\"font-weight: 400\">Fabrication artisanale et fran\u00e7aise. <\/span><span style=\"font-weight: 400\"><br \/>\n<\/span><span style=\"font-weight: 400\">Tissus doubl\u00e9 pour plus d\u2019\u00e9tanch\u00e9it\u00e9. <\/span><span style=\"font-weight: 400\"><br \/>\n<\/span><span style=\"font-weight: 400\">Poche int\u00e9rieure.<\/span><span style=\"font-weight: 400\"><br \/>\n<\/span><span style=\"font-weight: 400\">Sac lavable.<\/span><\/p>\n<p><b>Couleurs :<\/b> <span style=\"font-weight: 400\"><br \/>\n<\/span><span style=\"font-weight: 400\">Int\u00e9rieur : Blanc<\/span><span style=\"font-weight: 400\"><br \/>\n<\/span><span style=\"font-weight: 400\">Ext\u00e9rieur : Noir et imprim\u00e9 feuillage<\/span><span style=\"font-weight: 400\"><br \/>\n<\/span><b>Volume sac :<\/b><span style=\"font-weight: 400\"> 10L<\/span><\/p>\n<p><span style=\"font-weight: 400\">Soutenez la fabrication artisanale fran\u00e7aise tout en restant chic avec ces sacs cabas ! <\/span><span style=\"font-weight: 400\"><br \/>\n<\/span><span style=\"font-weight: 400\">La couleur beige se marie extr\u00eamement bien avec le motif feuillage de la poche avant.<\/span><\/p>\n<p><span style=\"font-weight: 400\">La poche int\u00e9rieure permettra de ranger tous vos petits produits.\u00a0\u00a0<\/span><\/p>\n<h2><span style=\"font-weight: 400\">A propos de nos sacs\u2026\u00a0<\/span><\/h2>\n<p><span style=\"font-weight: 400\">Nos sacs en tissu sont enti\u00e8rement r\u00e9alis\u00e9s \u00e0 la main dans nos locaux. <\/span><span style=\"font-weight: 400\"><br \/>\n<\/span><span style=\"font-weight: 400\">Le tissu est doubl\u00e9 afin de permettre d\u2019obtenir un sac plus solide et \u00e9tanche.\u00a0<\/span><span style=\"font-weight: 400\"><br \/>\n<\/span><span style=\"font-weight: 400\">Les bretelles sont ajustables afin de mieux adapter le sac \u00e0 l\u2019enfant.\u00a0<\/span><\/p>\n<p><span style=\"font-weight: 400\">Existe \u00e9galement le <a href=\"https:\/\/csc-grande-bastide.com\/index.php\/produit\/sac-a-dos-enfant-ajustable\/\">sac \u00e0 dos enfant ajustable 10L<\/a>.\u00a0<\/span><\/p>\n<h2><span style=\"font-weight: 400\">Une question ?\u00a0<\/span><\/h2>\n<p><span style=\"font-weight: 400\">Pour plus d\u2019informations sur nos masques n\u2019h\u00e9sitez pas \u00e0 nous contacter via notre formulaire de contact, par mail (<\/span><a href=\"mailto:csc.contactgrandebastide@gmail.com\"><span style=\"font-weight: 400\">csc.contactgrandebastide@gmail.com<\/span><\/a><span style=\"font-weight: 400\">)\u00a0 ou par t\u00e9l\u00e9phone au 04.42.26.34.46<\/span><\/p>\n","protected":false},"excerpt":{"rendered":"<p><span style=\"font-weight: 400\">Sac \u00e0 dos en tissu pour enfant.<\/span><span style=\"font-weight: 400\"><br \/>\n<\/span><span style=\"font-weight: 400\">Fabrication artisanale et fran\u00e7aise. <\/span><span style=\"font-weight: 400\"><br \/>\n<\/span><span style=\"font-weight: 400\">Tissus doubl\u00e9 pour plus d\u2019\u00e9tanch\u00e9it\u00e9. <\/span><span style=\"font-weight: 400\"><br \/>\n<\/span><span style=\"font-weight: 400\">Poche int\u00e9rieure..<\/span><span style=\"font-weight: 400\"><br \/>\n<\/span><span style=\"font-weight: 400\">Sac lavable.<\/span><\/p>\n<p><b>Couleurs :<\/b> <span style=\"font-weight: 400\"><br \/>\n<\/span><span style=\"font-weight: 400\">Int\u00e9rieur : Blanc<\/span><span style=\"font-weight: 400\"><br \/>\n<\/span><span style=\"font-weight: 400\">Ext\u00e9rieur : Noir et imprim\u00e9 feuillage<\/span><span style=\"font-weight: 400\"><br \/>\n<\/span><b>Volume sac :<\/b><span style=\"font-weight: 400\"> 10L<\/span><\/p>\n","protected":false},"featured_media":1554,"comment_status":"open","ping_status":"closed","template":"","meta":[],"product_brand":[],"product_cat":[28],"product_tag":[],"class_list":{"0":"post-817","1":"product","2":"type-product","3":"status-publish","4":"has-post-thumbnail","6":"product_cat-sacs","8":"first","9":"instock","10":"taxable","11":"shipping-taxable","12":"purchasable","13":"product-type-simple"},"yoast_head":"<!-- This site is optimized with the Yoast SEO plugin v27.4 - https:\/\/yoast.com\/product\/yoast-seo-wordpress\/ -->\n<title>Sac \u00e0 dos poche refermable - &quot;La Grande Bastide&quot;<\/title>\n<meta name=\"robots\" content=\"index, follow, max-snippet:-1, max-image-preview:large, max-video-preview:-1\" \/>\n<link rel=\"canonical\" href=\"https:\/\/csc-grande-bastide.com\/index.php\/produit\/sac-a-dos-poche-refermable\/\" \/>\n<meta property=\"og:locale\" content=\"fr_FR\" \/>\n<meta property=\"og:type\" content=\"article\" \/>\n<meta property=\"og:title\" content=\"Sac \u00e0 dos poche refermable - &quot;La Grande Bastide&quot;\" \/>\n<meta property=\"og:description\" content=\"Sac \u00e0 dos en tissu pour enfant. Fabrication artisanale et fran\u00e7aise.  Tissus doubl\u00e9 pour plus d\u2019\u00e9tanch\u00e9it\u00e9.  Poche int\u00e9rieure.. Sac lavable.  Couleurs :  Int\u00e9rieur : Blanc Ext\u00e9rieur : Noir et imprim\u00e9 feuillage Volume sac : 10L\" \/>\n<meta property=\"og:url\" content=\"https:\/\/csc-grande-bastide.com\/index.php\/produit\/sac-a-dos-poche-refermable\/\" \/>\n<meta property=\"og:site_name\" content=\"&quot;La Grande Bastide&quot;\" \/>\n<meta property=\"article:modified_time\" content=\"2025-04-17T00:27:12+00:00\" \/>\n<meta property=\"og:image\" content=\"https:\/\/csc-grande-bastide.com\/wp-content\/uploads\/2021\/02\/IMG_4764-scaled.jpg\" \/>\n\t<meta property=\"og:image:width\" content=\"2560\" \/>\n\t<meta property=\"og:image:height\" content=\"2560\" \/>\n\t<meta property=\"og:image:type\" content=\"image\/jpeg\" \/>\n<meta name=\"twitter:card\" content=\"summary_large_image\" \/>\n<meta name=\"twitter:label1\" content=\"Dur\u00e9e de lecture estim\u00e9e\" \/>\n\t<meta name=\"twitter:data1\" content=\"1 minute\" \/>\n<script type=\"application\/ld+json\" class=\"yoast-schema-graph\">{\"@context\":\"https:\\\/\\\/schema.org\",\"@graph\":[{\"@type\":\"WebPage\",\"@id\":\"https:\\\/\\\/csc-grande-bastide.com\\\/index.php\\\/produit\\\/sac-a-dos-poche-refermable\\\/\",\"url\":\"https:\\\/\\\/csc-grande-bastide.com\\\/index.php\\\/produit\\\/sac-a-dos-poche-refermable\\\/\",\"name\":\"Sac \u00e0 dos poche refermable - &quot;La Grande Bastide&quot;\",\"isPartOf\":{\"@id\":\"https:\\\/\\\/csc-grande-bastide.com\\\/#website\"},\"primaryImageOfPage\":{\"@id\":\"https:\\\/\\\/csc-grande-bastide.com\\\/index.php\\\/produit\\\/sac-a-dos-poche-refermable\\\/#primaryimage\"},\"image\":{\"@id\":\"https:\\\/\\\/csc-grande-bastide.com\\\/index.php\\\/produit\\\/sac-a-dos-poche-refermable\\\/#primaryimage\"},\"thumbnailUrl\":\"https:\\\/\\\/csc-grande-bastide.com\\\/wp-content\\\/uploads\\\/2021\\\/02\\\/IMG_4764-scaled.jpg\",\"datePublished\":\"2020-07-22T08:32:47+00:00\",\"dateModified\":\"2025-04-17T00:27:12+00:00\",\"breadcrumb\":{\"@id\":\"https:\\\/\\\/csc-grande-bastide.com\\\/index.php\\\/produit\\\/sac-a-dos-poche-refermable\\\/#breadcrumb\"},\"inLanguage\":\"fr-FR\",\"potentialAction\":[{\"@type\":\"ReadAction\",\"target\":[\"https:\\\/\\\/csc-grande-bastide.com\\\/index.php\\\/produit\\\/sac-a-dos-poche-refermable\\\/\"]}]},{\"@type\":\"ImageObject\",\"inLanguage\":\"fr-FR\",\"@id\":\"https:\\\/\\\/csc-grande-bastide.com\\\/index.php\\\/produit\\\/sac-a-dos-poche-refermable\\\/#primaryimage\",\"url\":\"https:\\\/\\\/csc-grande-bastide.com\\\/wp-content\\\/uploads\\\/2021\\\/02\\\/IMG_4764-scaled.jpg\",\"contentUrl\":\"https:\\\/\\\/csc-grande-bastide.com\\\/wp-content\\\/uploads\\\/2021\\\/02\\\/IMG_4764-scaled.jpg\",\"width\":2560,\"height\":2560},{\"@type\":\"BreadcrumbList\",\"@id\":\"https:\\\/\\\/csc-grande-bastide.com\\\/index.php\\\/produit\\\/sac-a-dos-poche-refermable\\\/#breadcrumb\",\"itemListElement\":[{\"@type\":\"ListItem\",\"position\":1,\"name\":\"Accueil\",\"item\":\"https:\\\/\\\/csc-grande-bastide.com\\\/\"},{\"@type\":\"ListItem\",\"position\":2,\"name\":\"Produits\",\"item\":\"https:\\\/\\\/csc-grande-bastide.com\\\/index.php\\\/shop\\\/\"},{\"@type\":\"ListItem\",\"position\":3,\"name\":\"Sac \u00e0 dos poche refermable\"}]},{\"@type\":\"WebSite\",\"@id\":\"https:\\\/\\\/csc-grande-bastide.com\\\/#website\",\"url\":\"https:\\\/\\\/csc-grande-bastide.com\\\/\",\"name\":\"&quot;La Grande Bastide&quot;\",\"description\":\"Centre Social et Culturel \u00e0 Aix-en-Provence\",\"publisher\":{\"@id\":\"https:\\\/\\\/csc-grande-bastide.com\\\/#organization\"},\"potentialAction\":[{\"@type\":\"SearchAction\",\"target\":{\"@type\":\"EntryPoint\",\"urlTemplate\":\"https:\\\/\\\/csc-grande-bastide.com\\\/?s={search_term_string}\"},\"query-input\":{\"@type\":\"PropertyValueSpecification\",\"valueRequired\":true,\"valueName\":\"search_term_string\"}}],\"inLanguage\":\"fr-FR\"},{\"@type\":\"Organization\",\"@id\":\"https:\\\/\\\/csc-grande-bastide.com\\\/#organization\",\"name\":\"&quot;La Grande Bastide&quot;\",\"url\":\"https:\\\/\\\/csc-grande-bastide.com\\\/\",\"logo\":{\"@type\":\"ImageObject\",\"inLanguage\":\"fr-FR\",\"@id\":\"https:\\\/\\\/csc-grande-bastide.com\\\/#\\\/schema\\\/logo\\\/image\\\/\",\"url\":\"https:\\\/\\\/csc-grande-bastide.com\\\/wp-content\\\/uploads\\\/2023\\\/07\\\/cropped-Colorful-Books-Faux-OrganicAbstract-Media-Lifestyle-11-Static-Feed-Ad-1.png\",\"contentUrl\":\"https:\\\/\\\/csc-grande-bastide.com\\\/wp-content\\\/uploads\\\/2023\\\/07\\\/cropped-Colorful-Books-Faux-OrganicAbstract-Media-Lifestyle-11-Static-Feed-Ad-1.png\",\"width\":1079,\"height\":1079,\"caption\":\"&quot;La Grande Bastide&quot;\"},\"image\":{\"@id\":\"https:\\\/\\\/csc-grande-bastide.com\\\/#\\\/schema\\\/logo\\\/image\\\/\"}}]}<\/script>\n<!-- \/ Yoast SEO plugin. -->","yoast_head_json":{"title":"Sac \u00e0 dos poche refermable - &quot;La Grande Bastide&quot;","robots":{"index":"index","follow":"follow","max-snippet":"max-snippet:-1","max-image-preview":"max-image-preview:large","max-video-preview":"max-video-preview:-1"},"canonical":"https:\/\/csc-grande-bastide.com\/index.php\/produit\/sac-a-dos-poche-refermable\/","og_locale":"fr_FR","og_type":"article","og_title":"Sac \u00e0 dos poche refermable - &quot;La Grande Bastide&quot;","og_description":"Sac \u00e0 dos en tissu pour enfant. Fabrication artisanale et fran\u00e7aise.  Tissus doubl\u00e9 pour plus d\u2019\u00e9tanch\u00e9it\u00e9.  Poche int\u00e9rieure.. Sac lavable.  Couleurs :  Int\u00e9rieur : Blanc Ext\u00e9rieur : Noir et imprim\u00e9 feuillage Volume sac : 10L","og_url":"https:\/\/csc-grande-bastide.com\/index.php\/produit\/sac-a-dos-poche-refermable\/","og_site_name":"&quot;La Grande Bastide&quot;","article_modified_time":"2025-04-17T00:27:12+00:00","og_image":[{"width":2560,"height":2560,"url":"https:\/\/csc-grande-bastide.com\/wp-content\/uploads\/2021\/02\/IMG_4764-scaled.jpg","type":"image\/jpeg"}],"twitter_card":"summary_large_image","twitter_misc":{"Dur\u00e9e de lecture estim\u00e9e":"1 minute"},"schema":{"@context":"https:\/\/schema.org","@graph":[{"@type":"WebPage","@id":"https:\/\/csc-grande-bastide.com\/index.php\/produit\/sac-a-dos-poche-refermable\/","url":"https:\/\/csc-grande-bastide.com\/index.php\/produit\/sac-a-dos-poche-refermable\/","name":"Sac \u00e0 dos poche refermable - &quot;La Grande Bastide&quot;","isPartOf":{"@id":"https:\/\/csc-grande-bastide.com\/#website"},"primaryImageOfPage":{"@id":"https:\/\/csc-grande-bastide.com\/index.php\/produit\/sac-a-dos-poche-refermable\/#primaryimage"},"image":{"@id":"https:\/\/csc-grande-bastide.com\/index.php\/produit\/sac-a-dos-poche-refermable\/#primaryimage"},"thumbnailUrl":"https:\/\/csc-grande-bastide.com\/wp-content\/uploads\/2021\/02\/IMG_4764-scaled.jpg","datePublished":"2020-07-22T08:32:47+00:00","dateModified":"2025-04-17T00:27:12+00:00","breadcrumb":{"@id":"https:\/\/csc-grande-bastide.com\/index.php\/produit\/sac-a-dos-poche-refermable\/#breadcrumb"},"inLanguage":"fr-FR","potentialAction":[{"@type":"ReadAction","target":["https:\/\/csc-grande-bastide.com\/index.php\/produit\/sac-a-dos-poche-refermable\/"]}]},{"@type":"ImageObject","inLanguage":"fr-FR","@id":"https:\/\/csc-grande-bastide.com\/index.php\/produit\/sac-a-dos-poche-refermable\/#primaryimage","url":"https:\/\/csc-grande-bastide.com\/wp-content\/uploads\/2021\/02\/IMG_4764-scaled.jpg","contentUrl":"https:\/\/csc-grande-bastide.com\/wp-content\/uploads\/2021\/02\/IMG_4764-scaled.jpg","width":2560,"height":2560},{"@type":"BreadcrumbList","@id":"https:\/\/csc-grande-bastide.com\/index.php\/produit\/sac-a-dos-poche-refermable\/#breadcrumb","itemListElement":[{"@type":"ListItem","position":1,"name":"Accueil","item":"https:\/\/csc-grande-bastide.com\/"},{"@type":"ListItem","position":2,"name":"Produits","item":"https:\/\/csc-grande-bastide.com\/index.php\/shop\/"},{"@type":"ListItem","position":3,"name":"Sac \u00e0 dos poche refermable"}]},{"@type":"WebSite","@id":"https:\/\/csc-grande-bastide.com\/#website","url":"https:\/\/csc-grande-bastide.com\/","name":"&quot;La Grande Bastide&quot;","description":"Centre Social et Culturel \u00e0 Aix-en-Provence","publisher":{"@id":"https:\/\/csc-grande-bastide.com\/#organization"},"potentialAction":[{"@type":"SearchAction","target":{"@type":"EntryPoint","urlTemplate":"https:\/\/csc-grande-bastide.com\/?s={search_term_string}"},"query-input":{"@type":"PropertyValueSpecification","valueRequired":true,"valueName":"search_term_string"}}],"inLanguage":"fr-FR"},{"@type":"Organization","@id":"https:\/\/csc-grande-bastide.com\/#organization","name":"&quot;La Grande Bastide&quot;","url":"https:\/\/csc-grande-bastide.com\/","logo":{"@type":"ImageObject","inLanguage":"fr-FR","@id":"https:\/\/csc-grande-bastide.com\/#\/schema\/logo\/image\/","url":"https:\/\/csc-grande-bastide.com\/wp-content\/uploads\/2023\/07\/cropped-Colorful-Books-Faux-OrganicAbstract-Media-Lifestyle-11-Static-Feed-Ad-1.png","contentUrl":"https:\/\/csc-grande-bastide.com\/wp-content\/uploads\/2023\/07\/cropped-Colorful-Books-Faux-OrganicAbstract-Media-Lifestyle-11-Static-Feed-Ad-1.png","width":1079,"height":1079,"caption":"&quot;La Grande Bastide&quot;"},"image":{"@id":"https:\/\/csc-grande-bastide.com\/#\/schema\/logo\/image\/"}}]}},"jetpack_sharing_enabled":true,"_links":{"self":[{"href":"https:\/\/csc-grande-bastide.com\/index.php\/wp-json\/wp\/v2\/product\/817","targetHints":{"allow":["GET"]}}],"collection":[{"href":"https:\/\/csc-grande-bastide.com\/index.php\/wp-json\/wp\/v2\/product"}],"about":[{"href":"https:\/\/csc-grande-bastide.com\/index.php\/wp-json\/wp\/v2\/types\/product"}],"replies":[{"embeddable":true,"href":"https:\/\/csc-grande-bastide.com\/index.php\/wp-json\/wp\/v2\/comments?post=817"}],"wp:featuredmedia":[{"embeddable":true,"href":"https:\/\/csc-grande-bastide.com\/index.php\/wp-json\/wp\/v2\/media\/1554"}],"wp:attachment":[{"href":"https:\/\/csc-grande-bastide.com\/index.php\/wp-json\/wp\/v2\/media?parent=817"}],"wp:term":[{"taxonomy":"product_brand","embeddable":true,"href":"https:\/\/csc-grande-bastide.com\/index.php\/wp-json\/wp\/v2\/product_brand?post=817"},{"taxonomy":"product_cat","embeddable":true,"href":"https:\/\/csc-grande-bastide.com\/index.php\/wp-json\/wp\/v2\/product_cat?post=817"},{"taxonomy":"product_tag","embeddable":true,"href":"https:\/\/csc-grande-bastide.com\/index.php\/wp-json\/wp\/v2\/product_tag?post=817"}],"curies":[{"name":"wp","href":"https:\/\/api.w.org\/{rel}","templated":true}]}}